{"id":668,"date":"2026-07-30T19:07:03","date_gmt":"2026-07-30T17:07:03","guid":{"rendered":"https:\/\/gohost.cl\/designsystem\/?post_type=product&#038;p=668"},"modified":"2026-07-30T19:10:32","modified_gmt":"2026-07-30T17:10:32","slug":"cabina-fototerapia-clinica","status":"publish","type":"product","link":"https:\/\/gohost.cl\/designsystem\/producto\/cabina-fototerapia-clinica\/","title":{"rendered":"Cabina Fototerapia Cl\u00ednica"},"content":{"rendered":"\t\t<div data-elementor-type=\"wp-post\" data-elementor-id=\"668\" class=\"elementor elementor-668\">\n\t\t\t\t\t\t<section class=\"elementor-section elementor-top-section elementor-element elementor-element-442da1e elementor-section-height-min-height elementor-section-boxed elementor-section-height-default elementor-section-items-middle\" data-id=\"442da1e\" data-element_type=\"section\" data-e-type=\"section\" data-settings=\"{&quot;background_background&quot;:&quot;classic&quot;}\">\n\t\t\t\t\t\t\t<div class=\"elementor-background-overlay\"><\/div>\n\t\t\t\t\t\t\t<div class=\"elementor-container elementor-column-gap-default\">\n\t\t\t\t\t<div class=\"elementor-column elementor-col-100 elementor-top-column elementor-element elementor-element-b5f2638\" data-id=\"b5f2638\" data-element_type=\"column\" data-e-type=\"column\">\n\t\t\t<div class=\"elementor-widget-wrap elementor-element-populated\">\n\t\t\t\t\t\t<section class=\"elementor-section elementor-inner-section elementor-element elementor-element-215e3c5 elementor-section-boxed elementor-section-height-default elementor-section-height-default\" data-id=\"215e3c5\" data-element_type=\"section\" data-e-type=\"section\" data-settings=\"{&quot;background_background&quot;:&quot;classic&quot;}\">\n\t\t\t\t\t\t<div class=\"elementor-container elementor-column-gap-default\">\n\t\t\t\t\t<div class=\"elementor-column elementor-col-50 elementor-inner-column elementor-element elementor-element-7eabae6\" data-id=\"7eabae6\" data-element_type=\"column\" data-e-type=\"column\">\n\t\t\t<div class=\"elementor-widget-wrap elementor-element-populated\">\n\t\t\t\t\t\t<div class=\"elementor-element elementor-element-3ee6ee4 elementor-widget elementor-widget-heading\" data-id=\"3ee6ee4\" data-element_type=\"widget\" data-e-type=\"widget\" data-widget_type=\"heading.default\">\n\t\t\t\t\t<h2 class=\"elementor-heading-title elementor-size-default\">Soluciones de fototerapia confiables para tratamientos cl\u00ednicos de cuerpo completo<\/h2>\t\t\t\t<\/div>\n\t\t\t\t<div class=\"elementor-element elementor-element-d3aae7d elementor-widget elementor-widget-html\" data-id=\"d3aae7d\" data-element_type=\"widget\" data-e-type=\"widget\" data-widget_type=\"html.default\">\n\t\t\t\t\t<div class=\"btn_flex\"> <a href=\"#contactanos\" class=\"btn btnImv\">Contactar Ejecutivo<\/a> <a href=\"#video\" class=\"btn btnImv btnLink\">Ver video<\/a><\/div>\t\t\t\t<\/div>\n\t\t\t\t\t<\/div>\n\t\t<\/div>\n\t\t\t\t<div class=\"elementor-column elementor-col-50 elementor-inner-column elementor-element elementor-element-2ced226\" data-id=\"2ced226\" data-element_type=\"column\" data-e-type=\"column\">\n\t\t\t<div class=\"elementor-widget-wrap\">\n\t\t\t\t\t\t\t<\/div>\n\t\t<\/div>\n\t\t\t\t\t<\/div>\n\t\t<\/section>\n\t\t\t\t\t<\/div>\n\t\t<\/div>\n\t\t\t\t\t<\/div>\n\t\t<\/section>\n\t\t\t\t<section class=\"elementor-section elementor-top-section elementor-element elementor-element-0b0f4c5 elementor-section-content-middle elementor-section-boxed elementor-section-height-default elementor-section-height-default\" data-id=\"0b0f4c5\" data-element_type=\"section\" data-e-type=\"section\">\n\t\t\t\t\t\t<div class=\"elementor-container elementor-column-gap-default\">\n\t\t\t\t\t<div class=\"elementor-column elementor-col-66 elementor-top-column elementor-element elementor-element-f4774ce\" data-id=\"f4774ce\" data-element_type=\"column\" data-e-type=\"column\">\n\t\t\t<div class=\"elementor-widget-wrap elementor-element-populated\">\n\t\t\t\t\t\t<div class=\"elementor-element elementor-element-21dec85 elementor-widget elementor-widget-heading\" data-id=\"21dec85\" data-element_type=\"widget\" data-e-type=\"widget\" data-widget_type=\"heading.default\">\n\t\t\t\t\t<h2 class=\"elementor-heading-title elementor-size-default\">Beneficios de Cabina Fototerapia Cl\u00ednica Kernel<\/h2>\t\t\t\t<\/div>\n\t\t\t\t<section class=\"elementor-section elementor-inner-section elementor-element elementor-element-26ea48f elementor-section-boxed elementor-section-height-default elementor-section-height-default\" data-id=\"26ea48f\" data-element_type=\"section\" data-e-type=\"section\">\n\t\t\t\t\t\t<div class=\"elementor-container elementor-column-gap-default\">\n\t\t\t\t\t<div class=\"elementor-column elementor-col-33 elementor-inner-column elementor-element elementor-element-1429a9c\" data-id=\"1429a9c\" data-element_type=\"column\" data-e-type=\"column\">\n\t\t\t<div class=\"elementor-widget-wrap elementor-element-populated\">\n\t\t\t\t\t\t<div class=\"elementor-element elementor-element-7380b68 elementor-widget elementor-widget-heading\" data-id=\"7380b68\" data-element_type=\"widget\" data-e-type=\"widget\" data-widget_type=\"heading.default\">\n\t\t\t\t\t<h3 class=\"elementor-heading-title elementor-size-default\">L\u00e1mparas ultravioleta m\u00e9dicas de Philips<\/h3>\t\t\t\t<\/div>\n\t\t\t\t<div class=\"elementor-element elementor-element-545c1e6 elementor-widget elementor-widget-text-editor\" data-id=\"545c1e6\" data-element_type=\"widget\" data-e-type=\"widget\" data-widget_type=\"text-editor.default\">\n\t\t\t\t\t\t\t\t\t<p>Configuraci\u00f3n 26 tubos o 40 tubos x 100W UVB NB<\/p><p>Su tecnolog\u00eda UVA\/UVB de banda estrecha de 311 nm cuenta con una vida \u00fatil estable y prolongada, proporcionan una soluci\u00f3n vers\u00e1til para aplicaciones m\u00e9dicas especializadas.<\/p>\t\t\t\t\t\t\t\t<\/div>\n\t\t\t\t\t<\/div>\n\t\t<\/div>\n\t\t\t\t<div class=\"elementor-column elementor-col-33 elementor-inner-column elementor-element elementor-element-fba7e7d\" data-id=\"fba7e7d\" data-element_type=\"column\" data-e-type=\"column\">\n\t\t\t<div class=\"elementor-widget-wrap elementor-element-populated\">\n\t\t\t\t\t\t<div class=\"elementor-element elementor-element-bf8ebde elementor-widget elementor-widget-heading\" data-id=\"bf8ebde\" data-element_type=\"widget\" data-e-type=\"widget\" data-widget_type=\"heading.default\">\n\t\t\t\t\t<h3 class=\"elementor-heading-title elementor-size-default\">Espacio confortable\n\n\n\n<\/h3>\t\t\t\t<\/div>\n\t\t\t\t<div class=\"elementor-element elementor-element-2195f3b elementor-widget elementor-widget-text-editor\" data-id=\"2195f3b\" data-element_type=\"widget\" data-e-type=\"widget\" data-widget_type=\"text-editor.default\">\n\t\t\t\t\t\t\t\t\t<p>Sistema de ventilaci\u00f3n y enfriamiento cient\u00edfico. Espacio de tratamiento amplio y confortable.<\/p>\t\t\t\t\t\t\t\t<\/div>\n\t\t\t\t\t<\/div>\n\t\t<\/div>\n\t\t\t\t<div class=\"elementor-column elementor-col-33 elementor-inner-column elementor-element elementor-element-948f036\" data-id=\"948f036\" data-element_type=\"column\" data-e-type=\"column\">\n\t\t\t<div class=\"elementor-widget-wrap elementor-element-populated\">\n\t\t\t\t\t\t<div class=\"elementor-element elementor-element-a21d04c elementor-widget elementor-widget-heading\" data-id=\"a21d04c\" data-element_type=\"widget\" data-e-type=\"widget\" data-widget_type=\"heading.default\">\n\t\t\t\t\t<h3 class=\"elementor-heading-title elementor-size-default\">Microordenador\u00a0<\/h3>\t\t\t\t<\/div>\n\t\t\t\t<div class=\"elementor-element elementor-element-b5a00d0 elementor-widget elementor-widget-text-editor\" data-id=\"b5a00d0\" data-element_type=\"widget\" data-e-type=\"widget\" data-widget_type=\"text-editor.default\">\n\t\t\t\t\t\t\t\t\t<p>La pantalla LCD a color muestra la dosis, el tiempo y la intensidad.<\/p><p>El microordenador controla la dosis y el tiempo para garantizar la precisi\u00f3n del tratamiento.<\/p>\t\t\t\t\t\t\t\t<\/div>\n\t\t\t\t\t<\/div>\n\t\t<\/div>\n\t\t\t\t\t<\/div>\n\t\t<\/section>\n\t\t\t\t\t<\/div>\n\t\t<\/div>\n\t\t\t\t<div class=\"elementor-column elementor-col-33 elementor-top-column elementor-element elementor-element-d10bc67\" data-id=\"d10bc67\" data-element_type=\"column\" data-e-type=\"column\">\n\t\t\t<div class=\"elementor-widget-wrap elementor-element-populated\">\n\t\t\t\t\t\t<div class=\"elementor-element elementor-element-5872313 elementor-widget__width-initial elementor-widget elementor-widget-image\" data-id=\"5872313\" data-element_type=\"widget\" data-e-type=\"widget\" data-widget_type=\"image.default\">\n\t\t\t\t\t\t\t\t\t\t\t\t\t\t\t<img decoding=\"async\" src=\"https:\/\/imvmed.cl\/wp-content\/uploads\/2024\/11\/CABINA-FOTOTERAPIA.png\" title=\"\" alt=\"\" loading=\"lazy\" \/>\t\t\t\t\t\t\t\t\t\t\t\t\t\t\t<\/div>\n\t\t\t\t\t<\/div>\n\t\t<\/div>\n\t\t\t\t\t<\/div>\n\t\t<\/section>\n\t\t\t\t<section class=\"elementor-section elementor-top-section elementor-element elementor-element-daafc37 elementor-section-content-middle elementor-section-boxed elementor-section-height-default elementor-section-height-default\" data-id=\"daafc37\" data-element_type=\"section\" data-e-type=\"section\" data-settings=\"{&quot;background_background&quot;:&quot;classic&quot;}\">\n\t\t\t\t\t\t<div class=\"elementor-container elementor-column-gap-default\">\n\t\t\t\t\t<div class=\"elementor-column elementor-col-100 elementor-top-column elementor-element elementor-element-d8bd19d\" data-id=\"d8bd19d\" data-element_type=\"column\" data-e-type=\"column\">\n\t\t\t<div class=\"elementor-widget-wrap elementor-element-populated\">\n\t\t\t\t\t\t<section class=\"elementor-section elementor-inner-section elementor-element elementor-element-737f003 elementor-section-boxed elementor-section-height-default elementor-section-height-default\" data-id=\"737f003\" data-element_type=\"section\" data-e-type=\"section\">\n\t\t\t\t\t\t<div class=\"elementor-container elementor-column-gap-default\">\n\t\t\t\t\t<div class=\"elementor-column elementor-col-50 elementor-inner-column elementor-element elementor-element-2379ad4\" data-id=\"2379ad4\" data-element_type=\"column\" data-e-type=\"column\">\n\t\t\t<div class=\"elementor-widget-wrap elementor-element-populated\">\n\t\t\t\t\t\t<div class=\"elementor-element elementor-element-58d3162 elementor-widget elementor-widget-heading\" data-id=\"58d3162\" data-element_type=\"widget\" data-e-type=\"widget\" data-widget_type=\"heading.default\">\n\t\t\t\t\t<h2 class=\"elementor-heading-title elementor-size-default\">Ficha de Producto<\/h2>\t\t\t\t<\/div>\n\t\t\t\t<div class=\"elementor-element elementor-element-32334d1 elementor-widget elementor-widget-text-editor\" data-id=\"32334d1\" data-element_type=\"widget\" data-e-type=\"widget\" data-widget_type=\"text-editor.default\">\n\t\t\t\t\t\t\t\t\t<p><span style=\"font-weight: 400;\">Avanzado equipo de fototerapia de cuerpo completo que combina alta potencia y tecnolog\u00eda de vanguardia en medici\u00f3n de luz UV, garantizando tratamientos precisos y efectivos.<\/span><\/p><p><span style=\"font-weight: 400;\"><strong><em>Descarga la ficha t\u00e9cnica KN-4001\/ KN-4005 y descubre sus configuraciones para adaptarla a las necesidades de tu cl\u00ednica con la mejor tecnolog\u00eda en fototerapia<\/em><\/strong>.<\/span><\/p>\t\t\t\t\t\t\t\t<\/div>\n\t\t\t\t<div class=\"elementor-element elementor-element-f7fc454 elementor-widget elementor-widget-html\" data-id=\"f7fc454\" data-element_type=\"widget\" data-e-type=\"widget\" data-widget_type=\"html.default\">\n\t\t\t\t\t<div class=\"btn_flex\"> <a href=\"https:\/\/imvmed.cl\/wp-content\/uploads\/2025\/03\/Cabinas-fototerapia-corporales_kernel-1.pdf\" class=\"btn btnImv\">Descargar ficha<\/a><\/div>\t\t\t\t<\/div>\n\t\t\t\t\t<\/div>\n\t\t<\/div>\n\t\t\t\t<div class=\"elementor-column elementor-col-50 elementor-inner-column elementor-element elementor-element-ea3d3e2\" data-id=\"ea3d3e2\" data-element_type=\"column\" data-e-type=\"column\">\n\t\t\t<div class=\"elementor-widget-wrap elementor-element-populated\">\n\t\t\t\t\t\t<div class=\"elementor-element elementor-element-5dba3d7 elementor-widget elementor-widget-image\" data-id=\"5dba3d7\" data-element_type=\"widget\" data-e-type=\"widget\" data-widget_type=\"image.default\">\n\t\t\t\t\t\t\t\t\t\t\t\t\t\t\t<img decoding=\"async\" src=\"https:\/\/imvmed.cl\/wp-content\/uploads\/2024\/11\/806-202302061339204899.jpg\" title=\"\" alt=\"\" loading=\"lazy\" \/>\t\t\t\t\t\t\t\t\t\t\t\t\t\t\t<\/div>\n\t\t\t\t\t<\/div>\n\t\t<\/div>\n\t\t\t\t\t<\/div>\n\t\t<\/section>\n\t\t\t\t\t<\/div>\n\t\t<\/div>\n\t\t\t\t\t<\/div>\n\t\t<\/section>\n\t\t\t\t<section class=\"elementor-section elementor-top-section elementor-element elementor-element-3271606 elementor-section-boxed elementor-section-height-default elementor-section-height-default\" data-id=\"3271606\" data-element_type=\"section\" data-e-type=\"section\">\n\t\t\t\t\t\t<div class=\"elementor-container elementor-column-gap-default\">\n\t\t\t\t\t<div class=\"elementor-column elementor-col-100 elementor-top-column elementor-element elementor-element-a1425e3\" data-id=\"a1425e3\" data-element_type=\"column\" data-e-type=\"column\">\n\t\t\t<div class=\"elementor-widget-wrap elementor-element-populated\">\n\t\t\t\t\t\t<div class=\"elementor-element elementor-element-46cf080 elementor-widget elementor-widget-heading\" data-id=\"46cf080\" data-element_type=\"widget\" data-e-type=\"widget\" data-widget_type=\"heading.default\">\n\t\t\t\t\t<h2 class=\"elementor-heading-title elementor-size-default\">Fototerapia avanzada con accesorios especializados <br>para tratamientos cl\u00ednicos de cuerpo completo<\/h2>\t\t\t\t<\/div>\n\t\t\t\t<section class=\"elementor-section elementor-inner-section elementor-element elementor-element-a5f57bf elementor-section-boxed elementor-section-height-default elementor-section-height-default\" data-id=\"a5f57bf\" data-element_type=\"section\" data-e-type=\"section\">\n\t\t\t\t\t\t<div class=\"elementor-container elementor-column-gap-default\">\n\t\t\t\t\t<div class=\"elementor-column elementor-col-50 elementor-inner-column elementor-element elementor-element-130951c\" data-id=\"130951c\" data-element_type=\"column\" data-e-type=\"column\">\n\t\t\t<div class=\"elementor-widget-wrap elementor-element-populated\">\n\t\t\t\t\t\t<div class=\"elementor-element elementor-element-239ebd1 elementor-widget elementor-widget-image\" data-id=\"239ebd1\" data-element_type=\"widget\" data-e-type=\"widget\" data-widget_type=\"image.default\">\n\t\t\t\t\t\t\t\t\t\t\t\t\t\t\t<img decoding=\"async\" src=\"https:\/\/imvmed.cl\/wp-content\/uploads\/2024\/11\/806-202301051600296595.png\" title=\"\" alt=\"\" loading=\"lazy\" \/>\t\t\t\t\t\t\t\t\t\t\t\t\t\t\t<\/div>\n\t\t\t\t\t<\/div>\n\t\t<\/div>\n\t\t\t\t<div class=\"elementor-column elementor-col-50 elementor-inner-column elementor-element elementor-element-ea35ed7\" data-id=\"ea35ed7\" data-element_type=\"column\" data-e-type=\"column\">\n\t\t\t<div class=\"elementor-widget-wrap elementor-element-populated\">\n\t\t\t\t\t\t<div class=\"elementor-element elementor-element-e883e8d elementor-widget__width-initial elementor-widget elementor-widget-text-editor\" data-id=\"e883e8d\" data-element_type=\"widget\" data-e-type=\"widget\" data-widget_type=\"text-editor.default\">\n\t\t\t\t\t\t\t\t\t<p><strong><em>Las cabinas de fototerapia poseen una exclusiva tecnolog\u00eda con controles de microcomputadora oara dosis o tiempo de tratamiento para garantizar su precisi\u00f3n y visualizaci\u00f3n en tiempo real del estado tratamiento.<\/em><\/strong><\/p><ul><li>Sensores que monitorean constantemente los rayos UV y el\u00e9ctricos.<\/li><li>Niveles de potencia con lecturas en tiempo real.<\/li><\/ul>\t\t\t\t\t\t\t\t<\/div>\n\t\t\t\t\t<\/div>\n\t\t<\/div>\n\t\t\t\t\t<\/div>\n\t\t<\/section>\n\t\t\t\t\t<\/div>\n\t\t<\/div>\n\t\t\t\t\t<\/div>\n\t\t<\/section>\n\t\t\t\t<section class=\"elementor-section elementor-top-section elementor-element elementor-element-9922145 elementor-section-content-middle elementor-section-boxed elementor-section-height-default elementor-section-height-default\" data-id=\"9922145\" data-element_type=\"section\" data-e-type=\"section\" data-settings=\"{&quot;background_background&quot;:&quot;gradient&quot;}\">\n\t\t\t\t\t\t<div class=\"elementor-container elementor-column-gap-default\">\n\t\t\t\t\t<div class=\"elementor-column elementor-col-66 elementor-top-column elementor-element elementor-element-b66bfac\" data-id=\"b66bfac\" data-element_type=\"column\" data-e-type=\"column\">\n\t\t\t<div class=\"elementor-widget-wrap elementor-element-populated\">\n\t\t\t\t\t\t<div class=\"elementor-element elementor-element-9a8f5fd elementor-widget elementor-widget-heading\" data-id=\"9a8f5fd\" data-element_type=\"widget\" data-e-type=\"widget\" data-widget_type=\"heading.default\">\n\t\t\t\t\t<h2 class=\"elementor-heading-title elementor-size-default\">TIPOS DE TRATAMIENTOS<br>\n<\/h2>\t\t\t\t<\/div>\n\t\t\t\t<section class=\"elementor-section elementor-inner-section elementor-element elementor-element-4f81f4d elementor-section-boxed elementor-section-height-default elementor-section-height-default\" data-id=\"4f81f4d\" data-element_type=\"section\" data-e-type=\"section\">\n\t\t\t\t\t\t<div class=\"elementor-container elementor-column-gap-default\">\n\t\t\t\t\t<div class=\"elementor-column elementor-col-33 elementor-inner-column elementor-element elementor-element-5d85920\" data-id=\"5d85920\" data-element_type=\"column\" data-e-type=\"column\">\n\t\t\t<div class=\"elementor-widget-wrap elementor-element-populated\">\n\t\t\t\t\t\t<div class=\"elementor-element elementor-element-17a8740 elementor-widget elementor-widget-heading\" data-id=\"17a8740\" data-element_type=\"widget\" data-e-type=\"widget\" data-widget_type=\"heading.default\">\n\t\t\t\t\t<h3 class=\"elementor-heading-title elementor-size-default\">Psoriasis:<\/h3>\t\t\t\t<\/div>\n\t\t\t\t<div class=\"elementor-element elementor-element-8dfc178 elementor-widget elementor-widget-text-editor\" data-id=\"8dfc178\" data-element_type=\"widget\" data-e-type=\"widget\" data-widget_type=\"text-editor.default\">\n\t\t\t\t\t\t\t\t\t<p><span style=\"font-weight: 400;\">Reduce la inflamaci\u00f3n y la proliferaci\u00f3n de C\u00e9lulas cut\u00e1neas, aliviando los s\u00edntomas.<\/span><\/p>\t\t\t\t\t\t\t\t<\/div>\n\t\t\t\t\t<\/div>\n\t\t<\/div>\n\t\t\t\t<div class=\"elementor-column elementor-col-33 elementor-inner-column elementor-element elementor-element-b941c04\" data-id=\"b941c04\" data-element_type=\"column\" data-e-type=\"column\">\n\t\t\t<div class=\"elementor-widget-wrap elementor-element-populated\">\n\t\t\t\t\t\t<div class=\"elementor-element elementor-element-e51b61a elementor-widget elementor-widget-heading\" data-id=\"e51b61a\" data-element_type=\"widget\" data-e-type=\"widget\" data-widget_type=\"heading.default\">\n\t\t\t\t\t<h3 class=\"elementor-heading-title elementor-size-default\">Vit\u00edligo:<\/h3>\t\t\t\t<\/div>\n\t\t\t\t<div class=\"elementor-element elementor-element-faccdd4 elementor-widget elementor-widget-text-editor\" data-id=\"faccdd4\" data-element_type=\"widget\" data-e-type=\"widget\" data-widget_type=\"text-editor.default\">\n\t\t\t\t\t\t\t\t\t<p><span style=\"font-weight: 400;\">Estimula la repigmentaci\u00f3n de la piel, mejorando la apariencia de las \u00e1reas afectadas.<\/span><\/p>\t\t\t\t\t\t\t\t<\/div>\n\t\t\t\t\t<\/div>\n\t\t<\/div>\n\t\t\t\t<div class=\"elementor-column elementor-col-33 elementor-inner-column elementor-element elementor-element-64f658f\" data-id=\"64f658f\" data-element_type=\"column\" data-e-type=\"column\">\n\t\t\t<div class=\"elementor-widget-wrap elementor-element-populated\">\n\t\t\t\t\t\t<div class=\"elementor-element elementor-element-10b3971 elementor-widget elementor-widget-heading\" data-id=\"10b3971\" data-element_type=\"widget\" data-e-type=\"widget\" data-widget_type=\"heading.default\">\n\t\t\t\t\t<h3 class=\"elementor-heading-title elementor-size-default\">Linfoma cut\u00e1neo de c\u00e9lulas T:<\/h3>\t\t\t\t<\/div>\n\t\t\t\t<div class=\"elementor-element elementor-element-640c422 elementor-widget elementor-widget-text-editor\" data-id=\"640c422\" data-element_type=\"widget\" data-e-type=\"widget\" data-widget_type=\"text-editor.default\">\n\t\t\t\t\t\t\t\t\t<p><span style=\"font-weight: 400;\">Ayuda a controlar los s\u00edntomas de esta enfermedad.<\/span><\/p>\t\t\t\t\t\t\t\t<\/div>\n\t\t\t\t\t<\/div>\n\t\t<\/div>\n\t\t\t\t\t<\/div>\n\t\t<\/section>\n\t\t\t\t<section class=\"elementor-section elementor-inner-section elementor-element elementor-element-156d6ee elementor-section-boxed elementor-section-height-default elementor-section-height-default\" data-id=\"156d6ee\" data-element_type=\"section\" data-e-type=\"section\">\n\t\t\t\t\t\t<div class=\"elementor-container elementor-column-gap-default\">\n\t\t\t\t\t<div class=\"elementor-column elementor-col-50 elementor-inner-column elementor-element elementor-element-29c731a\" data-id=\"29c731a\" data-element_type=\"column\" data-e-type=\"column\">\n\t\t\t<div class=\"elementor-widget-wrap elementor-element-populated\">\n\t\t\t\t\t\t<div class=\"elementor-element elementor-element-ed620fa elementor-widget elementor-widget-heading\" data-id=\"ed620fa\" data-element_type=\"widget\" data-e-type=\"widget\" data-widget_type=\"heading.default\">\n\t\t\t\t\t<h3 class=\"elementor-heading-title elementor-size-default\">Eczema:<\/h3>\t\t\t\t<\/div>\n\t\t\t\t<div class=\"elementor-element elementor-element-c8dae61 elementor-widget__width-initial elementor-widget elementor-widget-text-editor\" data-id=\"c8dae61\" data-element_type=\"widget\" data-e-type=\"widget\" data-widget_type=\"text-editor.default\">\n\t\t\t\t\t\t\t\t\t<p><span style=\"font-weight: 400;\">Alivia la inflamaci\u00f3n y mejora el aspecto de la piel afectada.<\/span><\/p>\t\t\t\t\t\t\t\t<\/div>\n\t\t\t\t\t<\/div>\n\t\t<\/div>\n\t\t\t\t<div class=\"elementor-column elementor-col-50 elementor-inner-column elementor-element elementor-element-2d03461\" data-id=\"2d03461\" data-element_type=\"column\" data-e-type=\"column\">\n\t\t\t<div class=\"elementor-widget-wrap elementor-element-populated\">\n\t\t\t\t\t\t<div class=\"elementor-element elementor-element-25b132a elementor-widget elementor-widget-heading\" data-id=\"25b132a\" data-element_type=\"widget\" data-e-type=\"widget\" data-widget_type=\"heading.default\">\n\t\t\t\t\t<h3 class=\"elementor-heading-title elementor-size-default\">Dermatitis at\u00f3pica:<\/h3>\t\t\t\t<\/div>\n\t\t\t\t<div class=\"elementor-element elementor-element-e98042b elementor-widget__width-initial elementor-widget elementor-widget-text-editor\" data-id=\"e98042b\" data-element_type=\"widget\" data-e-type=\"widget\" data-widget_type=\"text-editor.default\">\n\t\t\t\t\t\t\t\t\t<p><span style=\"font-weight: 400;\">Disminuye la inflamaci\u00f3n y alivia el prurito asociado a esta condici\u00f3n.<\/span><\/p>\t\t\t\t\t\t\t\t<\/div>\n\t\t\t\t\t<\/div>\n\t\t<\/div>\n\t\t\t\t\t<\/div>\n\t\t<\/section>\n\t\t\t\t\t<\/div>\n\t\t<\/div>\n\t\t\t\t<div class=\"elementor-column elementor-col-33 elementor-top-column elementor-element elementor-element-65cbd6e\" data-id=\"65cbd6e\" data-element_type=\"column\" data-e-type=\"column\">\n\t\t\t<div class=\"elementor-widget-wrap elementor-element-populated\">\n\t\t\t\t\t\t<div class=\"elementor-element elementor-element-c972ef3 elementor-widget elementor-widget-image\" data-id=\"c972ef3\" data-element_type=\"widget\" data-e-type=\"widget\" data-widget_type=\"image.default\">\n\t\t\t\t\t\t\t\t\t\t\t\t\t\t\t<img decoding=\"async\" src=\"https:\/\/imvmed.cl\/wp-content\/uploads\/2024\/11\/vitiligo5_ff05b1a1-2633-47bd-9329-86a4693f8_aa8644b9-e221-446f-bce0-b65148b81b03.webp\" title=\"\" alt=\"HOUVA IV Cabina Fototerapia Cl\u00ednica\" loading=\"lazy\" \/>\t\t\t\t\t\t\t\t\t\t\t\t\t\t\t<\/div>\n\t\t\t\t\t<\/div>\n\t\t<\/div>\n\t\t\t\t\t<\/div>\n\t\t<\/section>\n\t\t\t\t<section class=\"elementor-section elementor-top-section elementor-element elementor-element-d1c7338 elementor-section-content-middle elementor-section-boxed elementor-section-height-default elementor-section-height-default\" data-id=\"d1c7338\" data-element_type=\"section\" data-e-type=\"section\" data-settings=\"{&quot;background_background&quot;:&quot;classic&quot;}\">\n\t\t\t\t\t\t<div class=\"elementor-container elementor-column-gap-default\">\n\t\t\t\t\t<div class=\"elementor-column elementor-col-100 elementor-top-column elementor-element elementor-element-99a3afe\" data-id=\"99a3afe\" data-element_type=\"column\" data-e-type=\"column\">\n\t\t\t<div class=\"elementor-widget-wrap elementor-element-populated\">\n\t\t\t\t\t\t<section class=\"elementor-section elementor-inner-section elementor-element elementor-element-4b7d580 elementor-section-boxed elementor-section-height-default elementor-section-height-default\" data-id=\"4b7d580\" data-element_type=\"section\" data-e-type=\"section\">\n\t\t\t\t\t\t<div class=\"elementor-container elementor-column-gap-default\">\n\t\t\t\t\t<div class=\"elementor-column elementor-col-50 elementor-inner-column elementor-element elementor-element-5fe17b1\" data-id=\"5fe17b1\" data-element_type=\"column\" data-e-type=\"column\">\n\t\t\t<div class=\"elementor-widget-wrap elementor-element-populated\">\n\t\t\t\t\t\t<div class=\"elementor-element elementor-element-a6498f6 elementor-widget elementor-widget-heading\" data-id=\"a6498f6\" data-element_type=\"widget\" data-e-type=\"widget\" data-widget_type=\"heading.default\">\n\t\t\t\t\t<h2 class=\"elementor-heading-title elementor-size-default\">Resultados Cl\u00ednicos<\/h2>\t\t\t\t<\/div>\n\t\t\t\t<div class=\"elementor-element elementor-element-2e6c206 elementor-widget elementor-widget-text-editor\" data-id=\"2e6c206\" data-element_type=\"widget\" data-e-type=\"widget\" data-widget_type=\"text-editor.default\">\n\t\t\t\t\t\t\t\t\t<p><span style=\"font-weight: 400;\">Cabina Fototerapia Profesional ofrece resultados cl\u00ednicos sobresalientes en fototerapia de cuerpo completo, con tratamientos altamente efectivos para diversas afecciones dermatol\u00f3gicas.\u00a0<\/span><\/p><p><span style=\"font-weight: 400;\">Gracias a su tecnolog\u00eda de medici\u00f3n de luz UV de \u00faltima generaci\u00f3n,\u00a0 asegura precisi\u00f3n y consistencia en cada sesi\u00f3n, mejorando significativamente la calidad de vida de los pacientes.<\/span><\/p>\t\t\t\t\t\t\t\t<\/div>\n\t\t\t\t\t<\/div>\n\t\t<\/div>\n\t\t\t\t<div class=\"elementor-column elementor-col-50 elementor-inner-column elementor-element elementor-element-3010289\" data-id=\"3010289\" data-element_type=\"column\" data-e-type=\"column\">\n\t\t\t<div class=\"elementor-widget-wrap elementor-element-populated\">\n\t\t\t\t\t\t<div class=\"elementor-element elementor-element-5525af5 elementor-widget elementor-widget-image\" data-id=\"5525af5\" data-element_type=\"widget\" data-e-type=\"widget\" data-widget_type=\"image.default\">\n\t\t\t\t\t\t\t\t\t\t\t\t\t\t\t<img decoding=\"async\" src=\"https:\/\/imvmed.cl\/wp-content\/uploads\/2024\/11\/Captura-de-pantalla-2024-11-05-163317.png\" title=\"\" alt=\"HOUVA IV Cabina Fototerapia Cl\u00ednica\" loading=\"lazy\" \/>\t\t\t\t\t\t\t\t\t\t\t\t\t\t\t<\/div>\n\t\t\t\t\t<\/div>\n\t\t<\/div>\n\t\t\t\t\t<\/div>\n\t\t<\/section>\n\t\t\t\t\t<\/div>\n\t\t<\/div>\n\t\t\t\t\t<\/div>\n\t\t<\/section>\n\t\t\t\t<section class=\"elementor-section elementor-top-section elementor-element elementor-element-4a4003f elementor-section-boxed elementor-section-height-default elementor-section-height-default\" data-id=\"4a4003f\" data-element_type=\"section\" data-e-type=\"section\" id=\"video\" data-settings=\"{&quot;background_background&quot;:&quot;classic&quot;}\">\n\t\t\t\t\t\t<div class=\"elementor-container elementor-column-gap-default\">\n\t\t\t\t\t<div class=\"elementor-column elementor-col-100 elementor-top-column elementor-element elementor-element-d8a4577\" data-id=\"d8a4577\" data-element_type=\"column\" data-e-type=\"column\">\n\t\t\t<div class=\"elementor-widget-wrap elementor-element-populated\">\n\t\t\t\t\t\t<div class=\"elementor-element elementor-element-d38e211 elementor-widget elementor-widget-heading\" data-id=\"d38e211\" data-element_type=\"widget\" data-e-type=\"widget\" data-widget_type=\"heading.default\">\n\t\t\t\t\t<h2 class=\"elementor-heading-title elementor-size-default\"><br><br>RESULTADOS INCRE\u00cdBLES PARA TUS PACIENTES  <br><br>CABINA FOTOTERAPIA CL\u00cdNICA<\/h2>\t\t\t\t<\/div>\n\t\t\t\t<div class=\"elementor-element elementor-element-1e793d5 elementor-widget elementor-widget-video\" data-id=\"1e793d5\" data-element_type=\"widget\" data-e-type=\"widget\" data-settings=\"{&quot;youtube_url&quot;:&quot;https:\\\/\\\/youtu.be\\\/Gii6ou9N9A0?si=fKu7FpNvzHHgR_iu&quot;,&quot;video_type&quot;:&quot;youtube&quot;,&quot;controls&quot;:&quot;yes&quot;}\" data-widget_type=\"video.default\">\n\t\t\t\t\t\t\t<div class=\"elementor-wrapper elementor-open-inline\">\n\t\t\t<div class=\"elementor-video\"><\/div>\t\t<\/div>\n\t\t\t\t\t\t<\/div>\n\t\t\t\t<div class=\"elementor-element elementor-element-a7c687e elementor-absolute e-transform elementor-widget elementor-widget-html\" data-id=\"a7c687e\" data-element_type=\"widget\" data-e-type=\"widget\" data-settings=\"{&quot;_position&quot;:&quot;absolute&quot;,&quot;_transform_translateX_effect_mobile&quot;:{&quot;unit&quot;:&quot;px&quot;,&quot;size&quot;:-182,&quot;sizes&quot;:[]},&quot;_transform_translateY_effect_mobile&quot;:{&quot;unit&quot;:&quot;px&quot;,&quot;size&quot;:-24,&quot;sizes&quot;:[]},&quot;_transform_translateX_effect&quot;:{&quot;unit&quot;:&quot;px&quot;,&quot;size&quot;:&quot;&quot;,&quot;sizes&quot;:[]},&quot;_transform_translateX_effect_tablet&quot;:{&quot;unit&quot;:&quot;px&quot;,&quot;size&quot;:&quot;&quot;,&quot;sizes&quot;:[]},&quot;_transform_translateY_effect&quot;:{&quot;unit&quot;:&quot;px&quot;,&quot;size&quot;:&quot;&quot;,&quot;sizes&quot;:[]},&quot;_transform_translateY_effect_tablet&quot;:{&quot;unit&quot;:&quot;px&quot;,&quot;size&quot;:&quot;&quot;,&quot;sizes&quot;:[]}}\" data-widget_type=\"html.default\">\n\t\t\t\t\t<div class=\"btn_flex\"> <a href=\"https:\/\/imvmed.cl\/categoria-producto\/marcas\/kernel\/\" class=\"btn btnImv\">Conoce aqu\u00ed m\u00e1s productos Kernel medical\r\n<\/a><\/div>\t\t\t\t<\/div>\n\t\t\t\t\t<\/div>\n\t\t<\/div>\n\t\t\t\t\t<\/div>\n\t\t<\/section>\n\t\t\t\t<\/div>\n\t\t","protected":false},"excerpt":{"rendered":"<p><span style=\"font-weight: 400;\">Potencia tratamientos dermatol\u00f3gicos en tu cl\u00ednica con el sistema de fototerapia Kernel. Contamos con distintas versiones de cabinas seg\u00fan la configuraci\u00f3n de l\u00e1mparas UVA y UVB que se requiera.<\/span><\/p>\n<p><span style=\"font-weight: 400;\"><br \/>\n<\/span>Optimice los resultados para sus pacientes y eleve el est\u00e1ndar de su cl\u00ednica o consultorio.<strong> \u00a1<em>Ofrezca resultados excepcionales a sus pacientes!<\/em><\/strong><\/p>\n","protected":false},"featured_media":772,"comment_status":"closed","ping_status":"closed","template":"single-product-alt.php","meta":[],"imv_specialty":[150],"imv_brand":[169],"imv_application":[],"imv_technology":[170],"imv_indication":[],"imv_certification":[],"product_brand":[39],"product_cat":[29],"product_tag":[37,38],"class_list":["post-668","product","type-product","status-publish","has-post-thumbnail","imv_specialty-equipos-dermatologicos","imv_brand-kernel","imv_technology-fototerapia","product_brand-kernel","product_cat-equipos-dermatologicos","product_tag-psoriasis","product_tag-vitiligo","first","onbackorder","shipping-taxable","product-type-simple"],"_links":{"self":[{"href":"https:\/\/gohost.cl\/designsystem\/wp-json\/wp\/v2\/product\/668","targetHints":{"allow":["GET"]}}],"collection":[{"href":"https:\/\/gohost.cl\/designsystem\/wp-json\/wp\/v2\/product"}],"about":[{"href":"https:\/\/gohost.cl\/designsystem\/wp-json\/wp\/v2\/types\/product"}],"replies":[{"embeddable":true,"href":"https:\/\/gohost.cl\/designsystem\/wp-json\/wp\/v2\/comments?post=668"}],"version-history":[{"count":0,"href":"https:\/\/gohost.cl\/designsystem\/wp-json\/wp\/v2\/product\/668\/revisions"}],"wp:featuredmedia":[{"embeddable":true,"href":"https:\/\/gohost.cl\/designsystem\/wp-json\/wp\/v2\/media\/772"}],"wp:attachment":[{"href":"https:\/\/gohost.cl\/designsystem\/wp-json\/wp\/v2\/media?parent=668"}],"wp:term":[{"taxonomy":"imv_specialty","embeddable":true,"href":"https:\/\/gohost.cl\/designsystem\/wp-json\/wp\/v2\/imv_specialty?post=668"},{"taxonomy":"imv_brand","embeddable":true,"href":"https:\/\/gohost.cl\/designsystem\/wp-json\/wp\/v2\/imv_brand?post=668"},{"taxonomy":"imv_application","embeddable":true,"href":"https:\/\/gohost.cl\/designsystem\/wp-json\/wp\/v2\/imv_application?post=668"},{"taxonomy":"imv_technology","embeddable":true,"href":"https:\/\/gohost.cl\/designsystem\/wp-json\/wp\/v2\/imv_technology?post=668"},{"taxonomy":"imv_indication","embeddable":true,"href":"https:\/\/gohost.cl\/designsystem\/wp-json\/wp\/v2\/imv_indication?post=668"},{"taxonomy":"imv_certification","embeddable":true,"href":"https:\/\/gohost.cl\/designsystem\/wp-json\/wp\/v2\/imv_certification?post=668"},{"taxonomy":"product_brand","embeddable":true,"href":"https:\/\/gohost.cl\/designsystem\/wp-json\/wp\/v2\/product_brand?post=668"},{"taxonomy":"product_cat","embeddable":true,"href":"https:\/\/gohost.cl\/designsystem\/wp-json\/wp\/v2\/product_cat?post=668"},{"taxonomy":"product_tag","embeddable":true,"href":"https:\/\/gohost.cl\/designsystem\/wp-json\/wp\/v2\/product_tag?post=668"}],"curies":[{"name":"wp","href":"https:\/\/api.w.org\/{rel}","templated":true}]}}